{"id":782,"date":"2018-08-29T20:17:05","date_gmt":"2018-08-29T23:17:05","guid":{"rendered":"https:\/\/eavberni-bue.infd.edu.ar\/sitio\/equipo-de-gestion-y-personal-administrativo\/"},"modified":"2026-04-06T16:10:52","modified_gmt":"2026-04-06T19:10:52","slug":"equipo-de-gestion-y-personal-administrativo","status":"publish","type":"page","link":"https:\/\/eavberni-bue.infd.edu.ar\/sitio\/equipo-de-gestion-y-personal-administrativo\/","title":{"rendered":"Equipo de Conducci\u00f3n"},"content":{"rendered":"\n<div class=\"wp-block-columns is-layout-flex wp-container-2\">\n<div class=\"wp-block-column is-layout-flow\">\n<p><\/p>\n\n\n\n<p>Pablo Dufranc  Director<\/p>\n\n\n\n<p>Vanina Matinhos : Vicedirectora<\/p>\n\n\n\n<p>Mariano Rold\u00e1n (SEDE LINIERS) Regente<\/p>\n\n\n\n<p>Silvina \u00cd\u00f1iguez (SEDE TUCUM\u00c1N) Regente<\/p>\n\n\n\n<p>Genaro, Lucia (SEDE MARTINEZ) Regente<\/p>\n\n\n\n<p>Yolanda Castro  Secretaria<\/p>\n\n\n\n<p>Clara Pezzi ProSecretaria<\/p>\n\n\n\n<p>Rosa Cutrune Jefe de \u00e1rea PAV<\/p>\n\n\n\n<p>Viviana Prieto Jefe de \u00e1rea DG y DIYS &nbsp;<\/p>\n\n\n\n<p><\/p>\n\n\n\n<p><\/p>\n<\/div>\n<\/div>\n","protected":false},"excerpt":{"rendered":"<p>Pablo Dufranc Director Vanina Matinhos : Vicedirectora Mariano Rold\u00e1n (SEDE LINIERS) Regente Silvina \u00cd\u00f1iguez (SEDE TUCUM\u00c1N) Regente Genaro, Lucia (SEDE MARTINEZ) Regente Yolanda Castro Secretaria Clara Pezzi ProSecretaria Rosa Cutrune Jefe de \u00e1rea PAV Viviana Prieto Jefe de \u00e1rea DG y DIYS &nbsp;<\/p>\n","protected":false},"author":26,"featured_media":0,"parent":0,"menu_order":0,"comment_status":"closed","ping_status":"closed","template":"","meta":[],"acf":[],"_links":{"self":[{"href":"https:\/\/eavberni-bue.infd.edu.ar\/sitio\/wp-json\/wp\/v2\/pages\/782"}],"collection":[{"href":"https:\/\/eavberni-bue.infd.edu.ar\/sitio\/wp-json\/wp\/v2\/pages"}],"about":[{"href":"https:\/\/eavberni-bue.infd.edu.ar\/sitio\/wp-json\/wp\/v2\/types\/page"}],"author":[{"embeddable":true,"href":"https:\/\/eavberni-bue.infd.edu.ar\/sitio\/wp-json\/wp\/v2\/users\/26"}],"replies":[{"embeddable":true,"href":"https:\/\/eavberni-bue.infd.edu.ar\/sitio\/wp-json\/wp\/v2\/comments?post=782"}],"version-history":[{"count":14,"href":"https:\/\/eavberni-bue.infd.edu.ar\/sitio\/wp-json\/wp\/v2\/pages\/782\/revisions"}],"predecessor-version":[{"id":1654,"href":"https:\/\/eavberni-bue.infd.edu.ar\/sitio\/wp-json\/wp\/v2\/pages\/782\/revisions\/1654"}],"wp:attachment":[{"href":"https:\/\/eavberni-bue.infd.edu.ar\/sitio\/wp-json\/wp\/v2\/media?parent=782"}],"curies":[{"name":"wp","href":"https:\/\/api.w.org\/{rel}","templated":true}]}}