{"id":752,"date":"2018-08-29T20:16:47","date_gmt":"2018-08-29T23:16:47","guid":{"rendered":"https:\/\/eavberni-bue.infd.edu.ar\/sitio\/tecnicatura-superior-en-diseno-imagen-y-sonido\/"},"modified":"2025-12-11T11:37:03","modified_gmt":"2025-12-11T14:37:03","slug":"tecnicatura-superior-en-diseno-imagen-y-sonido","status":"publish","type":"page","link":"https:\/\/eavberni-bue.infd.edu.ar\/sitio\/tecnicatura-superior-en-diseno-imagen-y-sonido\/","title":{"rendered":"Tecnicatura Superior en Dise\u00f1o, Imagen y Sonido"},"content":{"rendered":"\n<p>T\u00cdTULO: TECNICO EN DISE\u00d1O, IMAGEN YSONIDO<\/p>\n\n\n\n<p>La Tecnicatura Superior en Dise\u00f1o, Imagen y Sonido es una\u00a0formaci\u00f3n profesional que capacita para crear y producir contenidos audiovisuales y multimedia, dominando t\u00e9cnicas de dise\u00f1o gr\u00e1fico, fotograf\u00eda, video y sonido, desde la concepci\u00f3n de una idea hasta su producci\u00f3n y difusi\u00f3n en plataformas digitales, TV, cine y eventos, formando t\u00e9cnicos vers\u00e1tiles para la industria cultural y publicitaria.\u00a0<\/p>\n\n\n\n<p class=\"has-large-font-size\"><strong>\u00bfPor qu\u00e9 estudiar la Tecnicatura Superior en Dise\u00f1o de Imagen y Sonido?<\/strong><\/p>\n\n\n\n<p>La Tecnicatura Superior en Dise\u00f1o de Imagen y Sonido te forma para transformar ideas en producciones audiovisuales capaces de conectar con las personas. A trav\u00e9s del aprendizaje t\u00e9cnico y creativo \u2014como manejo de c\u00e1maras, iluminaci\u00f3n, guion, edici\u00f3n de video y audio\u2014 desarroll\u00e1s las habilidades necesarias para trabajar en una industria en crecimiento que demanda contenido original para cine, TV, redes sociales, publicidad y medios digitales.<\/p>\n\n\n\n<p>Adem\u00e1s, la carrera te permite integrarte a equipos multidisciplinarios junto a fot\u00f3grafos, dise\u00f1adores, programadores y especialistas en marketing, participando en proyectos din\u00e1micos y diversos. Tambi\u00e9n ofrece un fuerte potencial para emprender: podes crear tu propio estudio, trabajar como freelance y desarrollar producciones propias como videoclips, cortos, documentales o contenido para plataformas digitales, con flexibilidad y autonom\u00eda laboral.<\/p>\n\n\n\n<p class=\"has-medium-font-size\"><strong>1er A\u00f1o<\/strong><\/p>\n\n\n\n<ul>\n<li>Elementos estructurales de la Imagen y el Sonido<\/li>\n\n\n\n<li>Publicidad<\/li>\n\n\n\n<li>Pol\u00edtica y desarrollo de Productos<\/li>\n\n\n\n<li>Introducci\u00f3n al lenguaje Inform\u00e1tico<\/li>\n\n\n\n<li>Comunicaci\u00f3n Visual 1<\/li>\n\n\n\n<li>Producci\u00f3n de Sonido y M\u00fasica 1<\/li>\n\n\n\n<li>Producci\u00f3n Audiovisual 1<\/li>\n\n\n\n<li>Imagen Electr\u00f3nica 1<\/li>\n\n\n\n<li>EDI ( Espacio de Definici\u00f3n Institucional)<\/li>\n<\/ul>\n\n\n\n<p class=\"has-medium-font-size\"><strong>2do A\u00f1o<\/strong><\/p>\n\n\n\n<ul>\n<li>Semi\u00f3tica<\/li>\n\n\n\n<li>Fundamentos de Marketing<\/li>\n\n\n\n<li>Comunicaci\u00f3n Visual 2<\/li>\n\n\n\n<li>Inform\u00e1tica Aplicada 2<\/li>\n\n\n\n<li>Se\u00f1al\u00e9tica<\/li>\n\n\n\n<li>Producci\u00f3n de Sonido y M\u00fasica 2<\/li>\n\n\n\n<li>Producci\u00f3n Audiovisual 2<\/li>\n\n\n\n<li>Imagen Electr\u00f3nica 2<\/li>\n\n\n\n<li>EDI (Espacio de Definici\u00f3n Institucional)<\/li>\n<\/ul>\n\n\n\n<p class=\"has-medium-font-size\"><strong>3er A\u00f1o<\/strong><\/p>\n\n\n\n<ul>\n<li>Sonorizaci\u00f3n y Musicalizaci\u00f3n de Im\u00e1genes<\/li>\n\n\n\n<li>Multimadial<\/li>\n\n\n\n<li>Informaci\u00f3n Aplicada 3<\/li>\n\n\n\n<li>Producci\u00f3n de Campa\u00f1as y Medios<\/li>\n\n\n\n<li>Producci\u00f3n de Sonido y M\u00fasica 3<\/li>\n\n\n\n<li>Pr\u00e1ctica Profesional<\/li>\n\n\n\n<li>Postproducci\u00f3n<\/li>\n\n\n\n<li>Imagen Electr\u00f3nica 3 <\/li>\n\n\n\n<li>EDI (Espacio de Definici\u00f3n Institucional)<\/li>\n<\/ul>\n\n\n\n<p class=\"has-medium-font-size\"><strong>T\u00cdTULO: TECNICO EN DISE\u00d1O, IMAGEN YSONIDO<\/strong><\/p>\n\n\n\n<p class=\"has-large-font-size\"><strong>Qu\u00e9 salida laboral te ofrece<\/strong><\/p>\n\n\n\n<p>La salida laboral de esta tecnicatura abarca la producci\u00f3n audiovisual para cine, televisi\u00f3n, publicidad y medios digitales. El egresado puede desempe\u00f1arse en roles como realizaci\u00f3n, c\u00e1mara, sonido, iluminaci\u00f3n, edici\u00f3n y postproducci\u00f3n, as\u00ed como en la creaci\u00f3n de contenido para redes sociales y plataformas en l\u00ednea. Tambi\u00e9n puede integrarse a productoras, agencias de comunicaci\u00f3n o trabajar de manera independiente realizando videoclips, videos institucionales, cobertura de eventos y proyectos personales, con amplias posibilidades de emprendimiento dentro del sector audiovisual.<\/p>\n","protected":false},"excerpt":{"rendered":"<p>T\u00cdTULO: TECNICO EN DISE\u00d1O, IMAGEN YSONIDO La Tecnicatura Superior en Dise\u00f1o, Imagen y Sonido es una\u00a0formaci\u00f3n profesional que capacita para crear y producir contenidos audiovisuales y multimedia, dominando t\u00e9cnicas de dise\u00f1o gr\u00e1fico, fotograf\u00eda, video y sonido, desde la concepci\u00f3n de una idea hasta su producci\u00f3n y difusi\u00f3n en plataformas digitales, TV, cine y eventos, formando &#8230; <a title=\"Tecnicatura Superior en Dise\u00f1o, Imagen y Sonido\" class=\"read-more\" href=\"https:\/\/eavberni-bue.infd.edu.ar\/sitio\/tecnicatura-superior-en-diseno-imagen-y-sonido\/\" aria-label=\"More on Tecnicatura Superior en Dise\u00f1o, Imagen y Sonido\">[+]<\/a><\/p>\n","protected":false},"author":26,"featured_media":0,"parent":0,"menu_order":0,"comment_status":"closed","ping_status":"closed","template":"","meta":[],"acf":[],"_links":{"self":[{"href":"https:\/\/eavberni-bue.infd.edu.ar\/sitio\/wp-json\/wp\/v2\/pages\/752"}],"collection":[{"href":"https:\/\/eavberni-bue.infd.edu.ar\/sitio\/wp-json\/wp\/v2\/pages"}],"about":[{"href":"https:\/\/eavberni-bue.infd.edu.ar\/sitio\/wp-json\/wp\/v2\/types\/page"}],"author":[{"embeddable":true,"href":"https:\/\/eavberni-bue.infd.edu.ar\/sitio\/wp-json\/wp\/v2\/users\/26"}],"replies":[{"embeddable":true,"href":"https:\/\/eavberni-bue.infd.edu.ar\/sitio\/wp-json\/wp\/v2\/comments?post=752"}],"version-history":[{"count":3,"href":"https:\/\/eavberni-bue.infd.edu.ar\/sitio\/wp-json\/wp\/v2\/pages\/752\/revisions"}],"predecessor-version":[{"id":1447,"href":"https:\/\/eavberni-bue.infd.edu.ar\/sitio\/wp-json\/wp\/v2\/pages\/752\/revisions\/1447"}],"wp:attachment":[{"href":"https:\/\/eavberni-bue.infd.edu.ar\/sitio\/wp-json\/wp\/v2\/media?parent=752"}],"curies":[{"name":"wp","href":"https:\/\/api.w.org\/{rel}","templated":true}]}}